{"id":3004,"date":"2023-05-19T09:35:37","date_gmt":"2023-05-19T15:35:37","guid":{"rendered":"http:\/\/www.cristosoft.com\/?page_id=3004"},"modified":"2025-08-27T14:38:36","modified_gmt":"2025-08-27T20:38:36","slug":"our-land","status":"publish","type":"page","link":"https:\/\/vallesol.com\/es\/our-land\/","title":{"rendered":"Nuestra Tierra"},"content":{"rendered":"<div data-elementor-type=\"wp-page\" data-elementor-id=\"3004\" class=\"elementor elementor-3004\" data-elementor-post-type=\"page\">\n\t\t\t\t\t\t<section class=\"elementor-section elementor-top-section elementor-element elementor-element-ebec636 elementor-section-boxed elementor-section-height-default elementor-section-height-default\" data-id=\"ebec636\" data-element_type=\"section\" data-e-type=\"section\">\n\t\t\t\t\t\t<div class=\"elementor-container elementor-column-gap-default\">\n\t\t\t\t\t<div class=\"elementor-column elementor-col-100 elementor-top-column elementor-element elementor-element-1a91156\" data-id=\"1a91156\" data-element_type=\"column\" data-e-type=\"column\">\n\t\t\t<div class=\"elementor-widget-wrap elementor-element-populated\">\n\t\t\t\t\t\t<div class=\"elementor-element elementor-element-da39c75 elementor-widget elementor-widget-image\" data-id=\"da39c75\" data-element_type=\"widget\" data-e-type=\"widget\" data-widget_type=\"image.default\">\n\t\t\t\t<div class=\"elementor-widget-container\">\n\t\t\t\t\t\t\t\t\t\t\t\t\t\t\t<img fetchpriority=\"high\" decoding=\"async\" width=\"1076\" height=\"438\" src=\"https:\/\/vallesol.com\/wp-content\/uploads\/2025\/03\/CR5.jpg\" class=\"attachment-full size-full wp-image-5379\" alt=\"\" srcset=\"https:\/\/vallesol.com\/wp-content\/uploads\/2025\/03\/CR5.jpg 1076w, https:\/\/vallesol.com\/wp-content\/uploads\/2025\/03\/CR5-300x122.jpg 300w, https:\/\/vallesol.com\/wp-content\/uploads\/2025\/03\/CR5-1024x417.jpg 1024w, https:\/\/vallesol.com\/wp-content\/uploads\/2025\/03\/CR5-768x313.jpg 768w, https:\/\/vallesol.com\/wp-content\/uploads\/2025\/03\/CR5-18x7.jpg 18w\" sizes=\"(max-width: 1076px) 100vw, 1076px\" \/>\t\t\t\t\t\t\t\t\t\t\t\t\t\t\t<\/div>\n\t\t\t\t<\/div>\n\t\t\t\t<div class=\"elementor-element elementor-element-66c814e elementor-widget elementor-widget-spacer\" data-id=\"66c814e\" data-element_type=\"widget\" data-e-type=\"widget\" data-widget_type=\"spacer.default\">\n\t\t\t\t<div class=\"elementor-widget-container\">\n\t\t\t\t\t\t\t<div class=\"elementor-spacer\">\n\t\t\t<div class=\"elementor-spacer-inner\"><\/div>\n\t\t<\/div>\n\t\t\t\t\t\t<\/div>\n\t\t\t\t<\/div>\n\t\t\t\t<div class=\"elementor-element elementor-element-8eadcc3 elementor-widget elementor-widget-text-editor\" data-id=\"8eadcc3\" data-element_type=\"widget\" data-e-type=\"widget\" data-widget_type=\"text-editor.default\">\n\t\t\t\t<div class=\"elementor-widget-container\">\n\t\t\t\t\t\t\t\t\t<p>Es un pa\u00eds ubicado en Centroam\u00e9rica.\u00a0 Limita al norte con Nicaragua y al sudeste con Panam\u00e1. Su territorio es ba\u00f1ado al este por el Mar Caribe y al oeste por el Oc\u00e9ano Pac\u00edfico. Su capital, un centro pol\u00edtico y econ\u00f3mico, es San Jos\u00e9 y su idioma oficial es el espa\u00f1ol.<br \/><br \/>Costa Rica es una de las democracias m\u00e1s consolidadas de Am\u00e9rica Latina, porque a lo largo de los a\u00f1os ha mantenido una muy buena estabilidad pol\u00edtica. Gan\u00f3 reconocimiento mundial por haber sido el primer pa\u00eds en abolir el ej\u00e9rcito el 1 de diciembre de 1948.\u00a0 Su \u00edndice de desarrollo humano es uno de los mejores de Latinoam\u00e9rica y lo coloca en cuarta posici\u00f3n detr\u00e1s de Argentina, Chile y Uruguay.\u00a0 Costa Rica ocupa el quinto lugar a nivel mundial, seg\u00fan la clasificaci\u00f3n del \u00edndice de Desempe\u00f1o Ambiental del 2008. Entre los pa\u00edses de Am\u00e9rica Latina, Costa Rica ocupa el primer lugar en la clasificaci\u00f3n del \u00edndice de competitividad tur\u00edstica, y el lugar n\u00famero 42 a nivel mundial.<\/p>\t\t\t\t\t\t\t\t<\/div>\n\t\t\t\t<\/div>\n\t\t\t\t\t<\/div>\n\t\t<\/div>\n\t\t\t\t\t<\/div>\n\t\t<\/section>\n\t\t\t\t<section class=\"elementor-section elementor-top-section elementor-element elementor-element-39795de elementor-section-boxed elementor-section-height-default elementor-section-height-default\" data-id=\"39795de\" data-element_type=\"section\" data-e-type=\"section\">\n\t\t\t\t\t\t<div class=\"elementor-container elementor-column-gap-default\">\n\t\t\t\t\t<div class=\"elementor-column elementor-col-100 elementor-top-column elementor-element elementor-element-39c1e8c\" data-id=\"39c1e8c\" data-element_type=\"column\" data-e-type=\"column\">\n\t\t\t<div class=\"elementor-widget-wrap elementor-element-populated\">\n\t\t\t\t\t\t<div class=\"elementor-element elementor-element-7b74ee3 elementor-widget elementor-widget-text-editor\" data-id=\"7b74ee3\" data-element_type=\"widget\" data-e-type=\"widget\" data-widget_type=\"text-editor.default\">\n\t\t\t\t<div class=\"elementor-widget-container\">\n\t\t\t\t\t\t\t\t\t<b>Clima<\/b><\/br><\/br>\nEstamos ubicados al oeste de la capital de Costa Rica, San Jos\u00e9, en Santa Ana, conocido como Valle del Sol, famoso por su clima c\u00e1lido durante todo el a\u00f1o.\u00a0 Parque Valle del Sol tiene uno de los mejores microclimas del mundo, con una temperatura anual promedio de 23.5 grados C. todos los meses del a\u00f1o a una altitud de aproximadamente 900 metros.\n<\/br><\/br>\nContamos con dos estaciones marcadas por una temporada seca de mediados de noviembre a abril, y una temporada de lluvias que inicia en mayo y termina en noviembre, caracterizada por ma\u00f1anas soleadas y secas, con aguaceros por las tardes. Durante esta temporada, la mayor\u00eda de las noches son despejadas.\nEl promedio anual de lluvias en el Valle de Santa Ana durante la temporada seca es de 22.5 mm por mes y 221 mm por mes durante la temporada de lluvias.\n\n<\/br><\/br>\n\nVisite Weather Channel para conocer el pron\u00f3stico del tiempo para el valle central y para el resto de la semana.\t\t\t\t\t\t\t\t<\/div>\n\t\t\t\t<\/div>\n\t\t\t\t\t<\/div>\n\t\t<\/div>\n\t\t\t\t\t<\/div>\n\t\t<\/section>\n\t\t\t\t<section class=\"elementor-section elementor-top-section elementor-element elementor-element-616caac elementor-section-boxed elementor-section-height-default elementor-section-height-default\" data-id=\"616caac\" data-element_type=\"section\" data-e-type=\"section\">\n\t\t\t\t\t\t<div class=\"elementor-container elementor-column-gap-default\">\n\t\t\t\t\t<div class=\"elementor-column elementor-col-100 elementor-top-column elementor-element elementor-element-9c4c981\" data-id=\"9c4c981\" data-element_type=\"column\" data-e-type=\"column\">\n\t\t\t<div class=\"elementor-widget-wrap elementor-element-populated\">\n\t\t\t\t\t\t<div class=\"elementor-element elementor-element-aec876f elementor-widget elementor-widget-image\" data-id=\"aec876f\" data-element_type=\"widget\" data-e-type=\"widget\" data-widget_type=\"image.default\">\n\t\t\t\t<div class=\"elementor-widget-container\">\n\t\t\t\t\t\t\t\t\t\t\t\t<figure class=\"wp-caption\">\n\t\t\t\t\t\t\t\t\t\t\t<a href=\"https:\/\/www.imn.ac.cr\/en\/web\/imn\/mapa#A5280:form:panelInfo\" target=\"_blank\" rel=\"nofollow noopener\">\n\t\t\t\t\t\t\t<img decoding=\"async\" width=\"150\" height=\"150\" src=\"https:\/\/vallesol.com\/wp-content\/uploads\/2023\/05\/weather-150x150.png\" class=\"attachment-thumbnail size-thumbnail wp-image-3030\" alt=\"\" srcset=\"https:\/\/vallesol.com\/wp-content\/uploads\/2023\/05\/weather-150x150.png 150w, https:\/\/vallesol.com\/wp-content\/uploads\/2023\/05\/weather-300x300.png 300w, https:\/\/vallesol.com\/wp-content\/uploads\/2023\/05\/weather-12x12.png 12w, https:\/\/vallesol.com\/wp-content\/uploads\/2023\/05\/weather.png 512w\" sizes=\"(max-width: 150px) 100vw, 150px\" \/>\t\t\t\t\t\t\t\t<\/a>\n\t\t\t\t\t\t\t\t\t\t\t<figcaption class=\"widget-image-caption wp-caption-text\">Weather Channel<\/figcaption>\n\t\t\t\t\t\t\t\t\t\t<\/figure>\n\t\t\t\t\t\t\t\t\t<\/div>\n\t\t\t\t<\/div>\n\t\t\t\t\t<\/div>\n\t\t<\/div>\n\t\t\t\t\t<\/div>\n\t\t<\/section>\n\t\t\t\t<section class=\"elementor-section elementor-top-section elementor-element elementor-element-acb0e74 elementor-section-boxed elementor-section-height-default elementor-section-height-default\" data-id=\"acb0e74\" data-element_type=\"section\" data-e-type=\"section\">\n\t\t\t\t\t\t<div class=\"elementor-container elementor-column-gap-default\">\n\t\t\t\t\t<div class=\"elementor-column elementor-col-100 elementor-top-column elementor-element elementor-element-72518c0\" data-id=\"72518c0\" data-element_type=\"column\" data-e-type=\"column\">\n\t\t\t<div class=\"elementor-widget-wrap elementor-element-populated\">\n\t\t\t\t\t\t<div class=\"elementor-element elementor-element-383065c elementor-widget elementor-widget-text-editor\" data-id=\"383065c\" data-element_type=\"widget\" data-e-type=\"widget\" data-widget_type=\"text-editor.default\">\n\t\t\t\t<div class=\"elementor-widget-container\">\n\t\t\t\t\t\t\t\t\t<p><b>Econom\u00eda<\/b><br \/>Costa Rica ha experimentado un r\u00e1pido crecimiento en su econom\u00eda, pasando de una econom\u00eda principalmente agr\u00edcola a una econom\u00eda de servicios.<\/p><p>Taking advantage of its peaceful environment and high level of education of its inhabitants and appropriate policies to attract business, the country began a series of measures in the 90s in the production of materials and micro technology products. In n 1997 we heralded the arrival of the microprocessor producer Intel, and the country has benefited from this additional source of income. Costa Rica is the choice of many multinational companies who decided to establish their central services in the country, including Procter &amp; Gamble, Coca-Cola, Intel, HP, Sykes and Dole. In 2006, the Intel microprocessor plant was responsible for 20% of the total exports and produced 4.9% of the PIB of the country.<\/p><p>Al mismo tiempo, las exportaciones agr\u00edcolas tradicionales costarricenses contin\u00faan proporcionando ingresos como banano, caf\u00e9, az\u00facar, cacao y pi\u00f1a. El caf\u00e9 de alta calidad de Costa Rica es muy bien recibido en el mercado estadounidense. Sin embargo, las exportaciones de productos no tradicionales, como flores y mini verduras, han crecido y el sector de servicios ha experimentado un r\u00e1pido crecimiento en los \u00faltimos a\u00f1os, generando muchos miles de empleos.<\/p>\t\t\t\t\t\t\t\t<\/div>\n\t\t\t\t<\/div>\n\t\t\t\t\t<\/div>\n\t\t<\/div>\n\t\t\t\t\t<\/div>\n\t\t<\/section>\n\t\t\t\t<section class=\"elementor-section elementor-top-section elementor-element elementor-element-e37c5b2 elementor-section-boxed elementor-section-height-default elementor-section-height-default\" data-id=\"e37c5b2\" data-element_type=\"section\" data-e-type=\"section\">\n\t\t\t\t\t\t<div class=\"elementor-container elementor-column-gap-default\">\n\t\t\t\t\t<div class=\"elementor-column elementor-col-100 elementor-top-column elementor-element elementor-element-928bd4c\" data-id=\"928bd4c\" data-element_type=\"column\" data-e-type=\"column\">\n\t\t\t<div class=\"elementor-widget-wrap elementor-element-populated\">\n\t\t\t\t\t\t<div class=\"elementor-element elementor-element-9f8013d elementor-widget elementor-widget-text-editor\" data-id=\"9f8013d\" data-element_type=\"widget\" data-e-type=\"widget\" data-widget_type=\"text-editor.default\">\n\t\t\t\t<div class=\"elementor-widget-container\">\n\t\t\t\t\t\t\t\t\t<b>Pol\u00edtica<\/b><\/br><\/br>\n\nCosta Rica tiene un sistema de gobierno democr\u00e1tico y republicano. El Presidente y dos Vicepresidentes son electos directamente por medio del voto universal y secreto, por un per\u00edodo de cuatro a\u00f1os. Pueden ser reelegidos sol\u00f3 por un per\u00edodo m\u00e1s.\n<\/br><\/br>\nEl poder legislativo lo ejerce el Congreso de la Rep\u00fablica (Unicameral).  El \u00f3rgano est\u00e1 compuesto por 57 diputados electos de una manera directa mediante el sufragio universal y secreto, por el sistema de distritos electorales y lista nacional. Los legisladores tambi\u00e9n juran por un per\u00edodo de cuatro a\u00f1os. Cada provincia del pa\u00eds constituye un distrito electoral.\t\t\t\t\t\t\t\t<\/div>\n\t\t\t\t<\/div>\n\t\t\t\t\t<\/div>\n\t\t<\/div>\n\t\t\t\t\t<\/div>\n\t\t<\/section>\n\t\t\t\t<section class=\"elementor-section elementor-top-section elementor-element elementor-element-cc212a3 elementor-section-boxed elementor-section-height-default elementor-section-height-default\" data-id=\"cc212a3\" data-element_type=\"section\" data-e-type=\"section\">\n\t\t\t\t\t\t<div class=\"elementor-container elementor-column-gap-default\">\n\t\t\t\t\t<div class=\"elementor-column elementor-col-100 elementor-top-column elementor-element elementor-element-1470056\" data-id=\"1470056\" data-element_type=\"column\" data-e-type=\"column\">\n\t\t\t<div class=\"elementor-widget-wrap elementor-element-populated\">\n\t\t\t\t\t\t<div class=\"elementor-element elementor-element-c72ea63 elementor-widget elementor-widget-text-editor\" data-id=\"c72ea63\" data-element_type=\"widget\" data-e-type=\"widget\" data-widget_type=\"text-editor.default\">\n\t\t\t\t<div class=\"elementor-widget-container\">\n\t\t\t\t\t\t\t\t\t<b>Educaci\u00f3n<\/b><\/br><\/br>\nLa educaci\u00f3n b\u00e1sica general es obligatoria y gratuita. La asistencia a la escuela es pr\u00e1cticamente del 100%, mientras que la escuela secundaria es solo del 70%. La tasa de alfabetizaci\u00f3n en el pa\u00eds es del 96%.   Cuenta con cuatro universidades p\u00fablicas que son: La Universidad de Costa Rica, La Universidad Nacional, la UNED y el Instituto Tecnol\u00f3gico de Costa Rica.\n<\/br><\/br>\nEl 4 de junio de 2008 el presidente Oscar Arias S\u00e1nchez firm\u00f3 la Ley de Agricultura Org\u00e1nica, creando la 5ta universidad p\u00fablica con sede en la ciudad de Alajuela, llamada Universidad Tecnol\u00f3gica Nacional.\n<\/br><\/br>\nTambi\u00e9n existe un Instituto Nacional de Capacitaci\u00f3n responsable de la educaci\u00f3n de la clase trabajadora y los desfavorecidos, capacit\u00e1ndolos en \u00e1reas t\u00e9cnicas para generar nuevos negocios y la continuidad de sus estudios en niveles avanzados. Estas escuelas est\u00e1n ubicadas en San Jos\u00e9, Naranjo, San Carlos, Mo\u00edn, Liberia, P\u00e9rez Zeled\u00f3n y Barranca.\n<\/br><\/br>\nAdem\u00e1s, hay m\u00e1s de 50 universidades que tienen excelentes est\u00e1ndares acad\u00e9micos como Incae, la escuela de negocios n\u00famero uno en Am\u00e9rica Latina.\t\t\t\t\t\t\t\t<\/div>\n\t\t\t\t<\/div>\n\t\t\t\t\t<\/div>\n\t\t<\/div>\n\t\t\t\t\t<\/div>\n\t\t<\/section>\n\t\t\t\t<section class=\"elementor-section elementor-top-section elementor-element elementor-element-85c17df elementor-section-boxed elementor-section-height-default elementor-section-height-default\" data-id=\"85c17df\" data-element_type=\"section\" data-e-type=\"section\">\n\t\t\t\t\t\t<div class=\"elementor-container elementor-column-gap-default\">\n\t\t\t\t\t<div class=\"elementor-column elementor-col-100 elementor-top-column elementor-element elementor-element-3c36080\" data-id=\"3c36080\" data-element_type=\"column\" data-e-type=\"column\">\n\t\t\t<div class=\"elementor-widget-wrap elementor-element-populated\">\n\t\t\t\t\t\t<div class=\"elementor-element elementor-element-49a267e elementor-widget elementor-widget-text-editor\" data-id=\"49a267e\" data-element_type=\"widget\" data-e-type=\"widget\" data-widget_type=\"text-editor.default\">\n\t\t\t\t<div class=\"elementor-widget-container\">\n\t\t\t\t\t\t\t\t\t<p><b>Turismo<\/b><\/p><p>Tourism in Costa Rica is one of the main economic sectors with the fastest growth in the country and contributing positively to the country\u2019s domestic product. In the Competitive Index of Travel and Tourism of 2009, Costa Rica was ranked 42th, the highest classification for the countries in Latin America.<\/p><p><b>Una visi\u00f3n verde<\/b><\/p><p>Ecotourism is extremely popular among foreign tourists, visiting the vast number of national parks and protected areas throughout the country. Costa Rica is a pioneer in ecotourism and is recognized as one of the few destinations with real ecotourism options.<\/p><p>Introduced in 1996 and inspired by a similar program developed in Europe in 1985, the Ecological Blue Flag Program is the largest environmental program in the country and was created with the objective of promoting tourism development, while at the same time, limiting the negative aspects of this activity, through community organization whose goal was to avoid contamination and to protect the health of its visitors. Beaches, communities, schools, protected areas, micro watersheds and companies that develop concrete actions to address climate change are the categories awarded. In 2009, the Ecological Blue Flag program was awarded to 38 communities Parque Valle del Sol was awarded with 2 stars that year<\/p><p><b>Golf<\/b><\/p><p>En los \u00faltimos a\u00f1os, Costa Rica ha sido descubierta como un gran destino para el golf. En el valle central, cerca de la capital, hay 2 campos de dieciocho hoyos y 3 campos de nueve hoyos. En la costa del Pac\u00edfico hay 5 campos profesionales de 18 hoyos.<\/p>\t\t\t\t\t\t\t\t<\/div>\n\t\t\t\t<\/div>\n\t\t\t\t<div class=\"elementor-element elementor-element-0c40707 elementor-widget elementor-widget-image\" data-id=\"0c40707\" data-element_type=\"widget\" data-e-type=\"widget\" data-widget_type=\"image.default\">\n\t\t\t\t<div class=\"elementor-widget-container\">\n\t\t\t\t\t\t\t\t\t\t\t\t\t\t\t<img decoding=\"async\" width=\"200\" height=\"300\" src=\"https:\/\/vallesol.com\/wp-content\/uploads\/2025\/08\/folk-fotorrealis-w2-200x300.png\" class=\"attachment-medium size-medium wp-image-5428\" alt=\"\" srcset=\"https:\/\/vallesol.com\/wp-content\/uploads\/2025\/08\/folk-fotorrealis-w2-200x300.png 200w, https:\/\/vallesol.com\/wp-content\/uploads\/2025\/08\/folk-fotorrealis-w2-683x1024.png 683w, https:\/\/vallesol.com\/wp-content\/uploads\/2025\/08\/folk-fotorrealis-w2-768x1152.png 768w, https:\/\/vallesol.com\/wp-content\/uploads\/2025\/08\/folk-fotorrealis-w2-8x12.png 8w, https:\/\/vallesol.com\/wp-content\/uploads\/2025\/08\/folk-fotorrealis-w2.png 1024w\" sizes=\"(max-width: 200px) 100vw, 200px\" \/>\t\t\t\t\t\t\t\t\t\t\t\t\t\t\t<\/div>\n\t\t\t\t<\/div>\n\t\t\t\t\t<\/div>\n\t\t<\/div>\n\t\t\t\t\t<\/div>\n\t\t<\/section>\n\t\t\t\t<\/div>","protected":false},"excerpt":{"rendered":"<p>Is a country located in Central America.\u00a0 Nicaragua lies to the north and Panama to the southeast. We are surrounded by water, the Caribbean Sea to the east and the Pacific Ocean to the west and southwest. Its capital, a political and economic center, is San Jose and the official language is Spanish. Costa Rica [&hellip;]<\/p>\n","protected":false},"author":1,"featured_media":0,"parent":0,"menu_order":0,"comment_status":"closed","ping_status":"closed","template":"","meta":{"_coblocks_attr":"","_coblocks_dimensions":"","_coblocks_responsive_height":"","_coblocks_accordion_ie_support":"","pgc_sgb_lightbox_settings":"","footnotes":""},"class_list":["post-3004","page","type-page","status-publish","hentry"],"_links":{"self":[{"href":"https:\/\/vallesol.com\/es\/wp-json\/wp\/v2\/pages\/3004","targetHints":{"allow":["GET"]}}],"collection":[{"href":"https:\/\/vallesol.com\/es\/wp-json\/wp\/v2\/pages"}],"about":[{"href":"https:\/\/vallesol.com\/es\/wp-json\/wp\/v2\/types\/page"}],"author":[{"embeddable":true,"href":"https:\/\/vallesol.com\/es\/wp-json\/wp\/v2\/users\/1"}],"replies":[{"embeddable":true,"href":"https:\/\/vallesol.com\/es\/wp-json\/wp\/v2\/comments?post=3004"}],"version-history":[{"count":9,"href":"https:\/\/vallesol.com\/es\/wp-json\/wp\/v2\/pages\/3004\/revisions"}],"predecessor-version":[{"id":5434,"href":"https:\/\/vallesol.com\/es\/wp-json\/wp\/v2\/pages\/3004\/revisions\/5434"}],"wp:attachment":[{"href":"https:\/\/vallesol.com\/es\/wp-json\/wp\/v2\/media?parent=3004"}],"curies":[{"name":"wp","href":"https:\/\/api.w.org\/{rel}","templated":true}]}}